{"id":344,"date":"2016-08-08T13:51:03","date_gmt":"2016-08-08T13:51:03","guid":{"rendered":"http:\/\/climeteo.es\/clim4327\/?page_id=344"},"modified":"2016-09-27T17:38:10","modified_gmt":"2016-09-27T17:38:10","slug":"vias-comunicacion","status":"publish","type":"page","link":"http:\/\/climeteo.es\/clim4327\/index.php\/vias-comunicacion\/","title":{"rendered":"V\u00edas comunicaci\u00f3n"},"content":{"rendered":"<div id=\"pl-344\"  class=\"panel-layout\" ><div id=\"pg-344-0\"  class=\"panel-grid panel-has-style\" ><div class=\"siteorigin-panels-stretch panel-row-style panel-row-style-for-344-0\" data-stretch-type=\"full-stretched\" ><div id=\"pgc-344-0-0\"  class=\"panel-grid-cell\" ><div id=\"panel-344-0-0-0\" class=\"so-panel widget widget_black-studio-tinymce widget_black_studio_tinymce panel-first-child panel-last-child\" data-index=\"0\" ><div class=\"v-center panel-widget-style panel-widget-style-for-344-0-0-0\" ><div class=\"textwidget\"><p style=\"text-align: center;\"><strong><span style=\"color: #808080; font-family: tahoma, arial, helvetica, sans-serif; font-size: 21px;\"><strong>Preservaci\u00f3n de v\u00edas de comunicaci\u00f3n<\/strong><\/span><\/strong><\/p>\n<\/div><\/div><\/div><\/div><\/div><\/div><div id=\"pg-344-1\"  class=\"panel-grid panel-has-style\" ><div class=\"siteorigin-panels-stretch panel-row-style panel-row-style-for-344-1\" style=\"padding-left: 60px; padding-right: 60px; \" data-stretch-type=\"full\" ><div id=\"pgc-344-1-0\"  class=\"panel-grid-cell\" ><div id=\"panel-344-1-0-0\" class=\"so-panel widget widget_black-studio-tinymce widget_black_studio_tinymce panel-first-child panel-last-child\" data-index=\"1\" ><div class=\"v-center panel-widget-style panel-widget-style-for-344-1-0-0\" ><div class=\"textwidget\"><p><img class=\"aligncenter wp-image-444 size-full\" src=\"http:\/\/climeteo.es\/clim4327\/wp-content\/uploads\/2016\/08\/via-de-comunicacion-3.jpg\" alt=\"via de comunicacion 3\" width=\"800\" height=\"640\" \/><\/p>\n<\/div><\/div><\/div><\/div><div id=\"pgc-344-1-1\"  class=\"panel-grid-cell\" ><div id=\"panel-344-1-1-0\" class=\"so-panel widget widget_black-studio-tinymce widget_black_studio_tinymce panel-first-child panel-last-child\" data-index=\"2\" ><div class=\"v-center panel-widget-style panel-widget-style-for-344-1-1-0\" ><div class=\"textwidget\"><p align=\"justify\"><span style=\"font-family: tahoma, arial, helvetica, sans-serif; font-size: 18px;\">\u201cLas v\u00edas de comunicaci\u00f3n juegan un papel clave en la econom\u00eda de una regi\u00f3n, siendo especialmente vulnerables ante cualquier tipo de fen\u00f3meno meteorol\u00f3gico, sobre todo en invierno, y sin olvidarnos del resto del a\u00f1o. Resulta fundamental la mejor predicci\u00f3n meteorol\u00f3gica para poder tener una buena gesti\u00f3n en cuanto a retiradas de nieve, aplicaci\u00f3n de fundentes sobre el pavimento y prevenci\u00f3n ante cualquier otro tipo de fen\u00f3meno meteorol\u00f3gico adverso.<\/span><\/p>\n<p align=\"justify\"><span style=\"font-family: tahoma, arial, helvetica, sans-serif; font-size: 18px;\">Para optimizar los resultados, CLIMETEO ofrece una serie de servicios orientados para la conservaci\u00f3n y la optimizaci\u00f3n en la gesti\u00f3n de las v\u00edas de comunicaci\u00f3n.\u201d<\/span><\/p>\n<\/div><\/div><\/div><\/div><\/div><\/div><div id=\"pg-344-2\"  class=\"panel-grid panel-has-style\" ><div class=\"siteorigin-panels-stretch panel-row-style panel-row-style-for-344-2\" data-stretch-type=\"full\" ><div id=\"pgc-344-2-0\"  class=\"panel-grid-cell panel-grid-cell-empty\" ><\/div><div id=\"pgc-344-2-1\"  class=\"panel-grid-cell panel-grid-cell-mobile-last\" ><div id=\"panel-344-2-1-0\" class=\"so-panel widget widget_black-studio-tinymce widget_black_studio_tinymce panel-first-child panel-last-child\" data-index=\"3\" ><div class=\"v-center panel-widget-style panel-widget-style-for-344-2-1-0\" ><div class=\"textwidget\"><p><a href=\"http:\/\/climeteo.es\/clim4327\/index.php\/precision-montana\/\"><img class=\"wp-image-388\" src=\"http:\/\/climeteo.es\/clim4327\/wp-content\/uploads\/2016\/08\/punta-de-flecha-a-la-izquierda.png\" alt=\"punta-de-flecha-a-la-izquierda\" width=\"45\" height=\"45\" \/><\/a>\u00a0 \u00a0 \u00a0\u00a0<a href=\"http:\/\/climeteo.es\/clim4327\/index.php\/servicios\/\"><img class=\"wp-image-390\" src=\"http:\/\/climeteo.es\/clim4327\/wp-content\/uploads\/2016\/08\/cuadrados.png\" alt=\"cuadrados\" width=\"45\" height=\"45\" \/><\/a>\u00a0 \u00a0 \u00a0<a href=\"http:\/\/climeteo.es\/clim4327\/index.php\/prevencion-incendios\/\"><img class=\"alignnone wp-image-389\" src=\"http:\/\/climeteo.es\/clim4327\/wp-content\/uploads\/2016\/08\/punta-de-flecha-a-la-derecha.png\" alt=\"punta-de-flecha-a-la-derecha\" width=\"45\" height=\"45\" \/><\/a><\/p>\n<\/div><\/div><\/div><\/div><div id=\"pgc-344-2-2\"  class=\"panel-grid-cell panel-grid-cell-empty\" ><\/div><\/div><\/div><\/div>","protected":false},"excerpt":{"rendered":"<p>Preservaci\u00f3n de v\u00edas de comunicaci\u00f3n \u201cLas v\u00edas de comunicaci\u00f3n juegan un papel clave en la econom\u00eda de una regi\u00f3n, siendo especialmente vulnerables ante cualquier tipo de fen\u00f3meno meteorol\u00f3gico, sobre todo en invierno, y sin olvidarnos del resto del a\u00f1o. Resulta fundamental la mejor predicci\u00f3n meteorol\u00f3gica para poder tener una buena gesti\u00f3n en cuanto a retiradas &hellip; <a href=\"http:\/\/climeteo.es\/clim4327\/index.php\/vias-comunicacion\/\" title=\"V\u00edas comunicaci\u00f3n\" class=\"read-more\">Read More<\/a><\/p>\n","protected":false},"author":1,"featured_media":0,"parent":0,"menu_order":0,"comment_status":"closed","ping_status":"closed","template":"","meta":[],"_links":{"self":[{"href":"http:\/\/climeteo.es\/clim4327\/index.php\/wp-json\/wp\/v2\/pages\/344"}],"collection":[{"href":"http:\/\/climeteo.es\/clim4327\/index.php\/wp-json\/wp\/v2\/pages"}],"about":[{"href":"http:\/\/climeteo.es\/clim4327\/index.php\/wp-json\/wp\/v2\/types\/page"}],"author":[{"embeddable":true,"href":"http:\/\/climeteo.es\/clim4327\/index.php\/wp-json\/wp\/v2\/users\/1"}],"replies":[{"embeddable":true,"href":"http:\/\/climeteo.es\/clim4327\/index.php\/wp-json\/wp\/v2\/comments?post=344"}],"version-history":[{"count":5,"href":"http:\/\/climeteo.es\/clim4327\/index.php\/wp-json\/wp\/v2\/pages\/344\/revisions"}],"predecessor-version":[{"id":521,"href":"http:\/\/climeteo.es\/clim4327\/index.php\/wp-json\/wp\/v2\/pages\/344\/revisions\/521"}],"wp:attachment":[{"href":"http:\/\/climeteo.es\/clim4327\/index.php\/wp-json\/wp\/v2\/media?parent=344"}],"curies":[{"name":"wp","href":"https:\/\/api.w.org\/{rel}","templated":true}]}}