{"id":275,"date":"2016-07-22T11:59:44","date_gmt":"2016-07-22T11:59:44","guid":{"rendered":"http:\/\/clim.viaweb.com.es\/clim4327\/?page_id=275"},"modified":"2016-10-26T10:05:53","modified_gmt":"2016-10-26T10:05:53","slug":"miembros","status":"publish","type":"page","link":"http:\/\/climeteo.es\/clim4327\/index.php\/miembros\/","title":{"rendered":"MIEMBROS"},"content":{"rendered":"<div id=\"pl-275\"  class=\"panel-layout\" ><div id=\"pg-275-0\"  class=\"panel-grid panel-has-style\" ><div class=\"siteorigin-panels-stretch panel-row-style panel-row-style-for-275-0\" style=\"padding-top: 0px; padding-bottom: 50px; \" data-stretch-type=\"full\" ><div id=\"pgc-275-0-0\"  class=\"panel-grid-cell\" ><div id=\"panel-275-0-0-0\" class=\"so-panel widget widget_sow-image panel-first-child\" data-index=\"0\" ><div\n\t\t\t\n\t\t\tclass=\"so-widget-sow-image so-widget-sow-image-default-17bc2272b535-275\"\n\t\t\t\n\t\t>\n\n<div class=\"sow-image-container\">\n\t\t<img src=\"http:\/\/climeteo.es\/clim4327\/wp-content\/uploads\/2016\/07\/german.png\" width=\"300\" height=\"300\" srcset=\"http:\/\/climeteo.es\/clim4327\/wp-content\/uploads\/2016\/07\/german.png 300w, http:\/\/climeteo.es\/clim4327\/wp-content\/uploads\/2016\/07\/german-150x150.png 150w\" sizes=\"(max-width: 300px) 100vw, 300px\" alt=\"\" loading=\"lazy\" \t\tclass=\"so-widget-image\"\/>\n\t<\/div>\n\n<\/div><\/div><div id=\"panel-275-0-0-1\" class=\"so-panel widget widget_black-studio-tinymce widget_black_studio_tinymce\" data-index=\"1\" ><div class=\"textwidget\"><p><strong>Germ\u00e1n Orts Guilabert<\/strong><\/p>\n<p>Nacido el 28\/12\/1984 natural de Crevillente (Alicante). <br \/> Estudi\u00f3 Licenciatura en Geograf\u00eda por la Universidad de Murcia, especializado en prevenci\u00f3n de riesgos naturales, evaluaci\u00f3n en impacto medio ambiental (EIA), hidrolog\u00eda y edafolog\u00eda. Con amplios conocimientos en meteorolog\u00eda y climatolog\u00eda.<\/p>\n<\/div><\/div><div id=\"panel-275-0-0-2\" class=\"so-panel widget widget_sow-social-media-buttons panel-last-child\" data-index=\"2\" ><div class=\"panel-widget-style panel-widget-style-for-275-0-0-2\" ><div\n\t\t\t\n\t\t\tclass=\"so-widget-sow-social-media-buttons so-widget-sow-social-media-buttons-flat-be750812269c-275\"\n\t\t\t\n\t\t>\n\n<div class=\"social-media-button-container\">\n\t\n\t\t<a class=\"ow-button-hover sow-social-media-button-envelope-0 sow-social-media-button\" title=\"Climeteo en Envelope\" aria-label=\"Climeteo en Envelope\" href=\"http:\/\/climeteo.es\/clim4327\/index.php\/contacto-german-orts-guilabert\/\" >\n\t\t\t<span>\n\t\t\t\t\t\t\t\t<span class=\"sow-icon-fontawesome sow-fas\" data-sow-icon=\"&#xf0e0;\"\n\t\t \n\t\taria-hidden=\"true\"><\/span>\t\t\t\t\t\t\t<\/span>\n\t\t<\/a>\n\t<\/div>\n<\/div><\/div><\/div><\/div><div id=\"pgc-275-0-1\"  class=\"panel-grid-cell panel-grid-cell-empty\" ><\/div><div id=\"pgc-275-0-2\"  class=\"panel-grid-cell\" ><div id=\"panel-275-0-2-0\" class=\"so-panel widget widget_sow-image panel-first-child\" data-index=\"3\" ><div\n\t\t\t\n\t\t\tclass=\"so-widget-sow-image so-widget-sow-image-default-17bc2272b535-275\"\n\t\t\t\n\t\t>\n\n<div class=\"sow-image-container\">\n\t\t<img src=\"http:\/\/climeteo.es\/clim4327\/wp-content\/uploads\/2016\/07\/miguel.png\" width=\"300\" height=\"300\" srcset=\"http:\/\/climeteo.es\/clim4327\/wp-content\/uploads\/2016\/07\/miguel.png 300w, http:\/\/climeteo.es\/clim4327\/wp-content\/uploads\/2016\/07\/miguel-150x150.png 150w\" sizes=\"(max-width: 300px) 100vw, 300px\" alt=\"\" loading=\"lazy\" \t\tclass=\"so-widget-image\"\/>\n\t<\/div>\n\n<\/div><\/div><div id=\"panel-275-0-2-1\" class=\"so-panel widget widget_black-studio-tinymce widget_black_studio_tinymce\" data-index=\"4\" ><div class=\"textwidget\"><p><strong>Miguel Iglesias Gonz\u00e1lez<\/strong><\/p>\n<p>Nacido el 19\/06\/1988 natural de Langreo (Asturias).<br \/>Estudi\u00f3 Licenciatura en Ciencias F\u00edsicas y actualmente estudiando doctorado en Paleoclimatolog\u00eda (FPI) por la Universidad de Oviedo, especializado en F\u00edsica de materiales y de la atm\u00f3sfera y experto en climatolog\u00eda y meteorolog\u00eda por la Universidad Complutense de Madrid.<\/p>\n<\/div><\/div><div id=\"panel-275-0-2-2\" class=\"so-panel widget widget_sow-social-media-buttons panel-last-child\" data-index=\"5\" ><div class=\"panel-widget-style panel-widget-style-for-275-0-2-2\" ><div\n\t\t\t\n\t\t\tclass=\"so-widget-sow-social-media-buttons so-widget-sow-social-media-buttons-flat-be750812269c-275\"\n\t\t\t\n\t\t>\n\n<div class=\"social-media-button-container\">\n\t\n\t\t<a class=\"ow-button-hover sow-social-media-button-envelope-0 sow-social-media-button\" title=\"Climeteo en Envelope\" aria-label=\"Climeteo en Envelope\" href=\"http:\/\/climeteo.es\/clim4327\/index.php\/contacto-miguel-iglesias-gonzalez\/\" >\n\t\t\t<span>\n\t\t\t\t\t\t\t\t<span class=\"sow-icon-fontawesome sow-fas\" data-sow-icon=\"&#xf0e0;\"\n\t\t \n\t\taria-hidden=\"true\"><\/span>\t\t\t\t\t\t\t<\/span>\n\t\t<\/a>\n\t<\/div>\n<\/div><\/div><\/div><\/div><\/div><\/div><div id=\"pg-275-1\"  class=\"panel-grid panel-has-style\" ><div class=\"siteorigin-panels-stretch panel-row-style panel-row-style-for-275-1\" style=\"padding-top: 0px; padding-bottom: 50px; \" data-stretch-type=\"full\" ><div id=\"pgc-275-1-0\"  class=\"panel-grid-cell\" ><div id=\"panel-275-1-0-0\" class=\"so-panel widget widget_sow-image panel-first-child\" data-index=\"6\" ><div\n\t\t\t\n\t\t\tclass=\"so-widget-sow-image so-widget-sow-image-default-17bc2272b535-275\"\n\t\t\t\n\t\t>\n\n<div class=\"sow-image-container\">\n\t\t<img src=\"http:\/\/climeteo.es\/clim4327\/wp-content\/uploads\/2016\/07\/Raul.png\" width=\"300\" height=\"300\" srcset=\"http:\/\/climeteo.es\/clim4327\/wp-content\/uploads\/2016\/07\/Raul.png 300w, http:\/\/climeteo.es\/clim4327\/wp-content\/uploads\/2016\/07\/Raul-150x150.png 150w\" sizes=\"(max-width: 300px) 100vw, 300px\" alt=\"\" loading=\"lazy\" \t\tclass=\"so-widget-image\"\/>\n\t<\/div>\n\n<\/div><\/div><div id=\"panel-275-1-0-1\" class=\"so-panel widget widget_black-studio-tinymce widget_black_studio_tinymce\" data-index=\"7\" ><div class=\"textwidget\"><p><strong>Ra\u00fal Canteli Guti\u00e9rrez<\/strong><\/p>\n<p>Nacido el 21\/01\/1991 natural de San Mart\u00edn del Rey Aurelio (Asturias).<br \/> Titulado en bachillerato modalidad Cient\u00edfico-Tecnol\u00f3gico, con amplia experiencia en la meteorolog\u00eda de forma divulgativa, administrador de un portal meteorol\u00f3gico y experto en estudios de mercado y proyectos de inversi\u00f3n.<\/p>\n<\/div><\/div><div id=\"panel-275-1-0-2\" class=\"so-panel widget widget_sow-social-media-buttons panel-last-child\" data-index=\"8\" ><div class=\"panel-widget-style panel-widget-style-for-275-1-0-2\" ><div\n\t\t\t\n\t\t\tclass=\"so-widget-sow-social-media-buttons so-widget-sow-social-media-buttons-flat-be750812269c-275\"\n\t\t\t\n\t\t>\n\n<div class=\"social-media-button-container\">\n\t\n\t\t<a class=\"ow-button-hover sow-social-media-button-envelope-0 sow-social-media-button\" title=\"Climeteo en Envelope\" aria-label=\"Climeteo en Envelope\" href=\"http:\/\/climeteo.es\/clim4327\/index.php\/contacto-raul-canteli-gutierrez\/\" >\n\t\t\t<span>\n\t\t\t\t\t\t\t\t<span class=\"sow-icon-fontawesome sow-fas\" data-sow-icon=\"&#xf0e0;\"\n\t\t \n\t\taria-hidden=\"true\"><\/span>\t\t\t\t\t\t\t<\/span>\n\t\t<\/a>\n\t<\/div>\n<\/div><\/div><\/div><\/div><div id=\"pgc-275-1-1\"  class=\"panel-grid-cell panel-grid-cell-empty\" ><\/div><div id=\"pgc-275-1-2\"  class=\"panel-grid-cell\" ><div id=\"panel-275-1-2-0\" class=\"so-panel widget widget_sow-image panel-first-child\" data-index=\"9\" ><div\n\t\t\t\n\t\t\tclass=\"so-widget-sow-image so-widget-sow-image-default-17bc2272b535-275\"\n\t\t\t\n\t\t>\n\n<div class=\"sow-image-container\">\n\t\t<img src=\"http:\/\/climeteo.es\/clim4327\/wp-content\/uploads\/2016\/07\/David.png\" width=\"300\" height=\"300\" srcset=\"http:\/\/climeteo.es\/clim4327\/wp-content\/uploads\/2016\/07\/David.png 300w, http:\/\/climeteo.es\/clim4327\/wp-content\/uploads\/2016\/07\/David-150x150.png 150w\" sizes=\"(max-width: 300px) 100vw, 300px\" alt=\"\" loading=\"lazy\" \t\tclass=\"so-widget-image\"\/>\n\t<\/div>\n\n<\/div><\/div><div id=\"panel-275-1-2-1\" class=\"so-panel widget widget_black-studio-tinymce widget_black_studio_tinymce\" data-index=\"10\" ><div class=\"textwidget\"><p><strong>David Santa Cruz Gonz\u00e1lez<\/strong><\/p>\n<p>Nacido el 18\/09\/1984 natural de M\u00f3stoles (Madrid).<br \/> Estudi\u00f3 Licenciatura en Ciencias F\u00edsicas, especializado en F\u00edsica de la atm\u00f3sfera. Gestor y encargado de un portal relacionado con la meteorolog\u00eda. Profesor de ciencias f\u00edsicas, qu\u00edmicas y matem\u00e1ticas, y gran divulgador de esta gran ciencia.<\/p>\n<\/div><\/div><div id=\"panel-275-1-2-2\" class=\"so-panel widget widget_sow-social-media-buttons panel-last-child\" data-index=\"11\" ><div class=\"panel-widget-style panel-widget-style-for-275-1-2-2\" ><div\n\t\t\t\n\t\t\tclass=\"so-widget-sow-social-media-buttons so-widget-sow-social-media-buttons-flat-be750812269c-275\"\n\t\t\t\n\t\t>\n\n<div class=\"social-media-button-container\">\n\t\n\t\t<a class=\"ow-button-hover sow-social-media-button-envelope-0 sow-social-media-button\" title=\"Climeteo en Envelope\" aria-label=\"Climeteo en Envelope\" href=\"http:\/\/climeteo.es\/clim4327\/index.php\/contacto-david-santa-cruz-gonzalez\/\" >\n\t\t\t<span>\n\t\t\t\t\t\t\t\t<span class=\"sow-icon-fontawesome sow-fas\" data-sow-icon=\"&#xf0e0;\"\n\t\t \n\t\taria-hidden=\"true\"><\/span>\t\t\t\t\t\t\t<\/span>\n\t\t<\/a>\n\t<\/div>\n<\/div><\/div><\/div><\/div><\/div><\/div><\/div>","protected":false},"excerpt":{"rendered":"<p>Germ\u00e1n Orts GuilabertNacido el 28\/12\/1984 natural de Crevillente (Alicante). Estudi\u00f3 Licenciatura en Geograf\u00eda por la Universidad de Murcia, especializado en prevenci\u00f3n de riesgos naturales, evaluaci\u00f3n en impacto medio ambiental (EIA), hidrolog\u00eda y edafolog\u00eda. Con amplios conocimientos en meteorolog\u00eda y climatolog\u00eda. Miguel Iglesias Gonz\u00e1lezNacido el 19\/06\/1988 natural de Langreo (Asturias).Estudi\u00f3 Licenciatura en Ciencias F\u00edsicas y actualmente &hellip; <a href=\"http:\/\/climeteo.es\/clim4327\/index.php\/miembros\/\" title=\"MIEMBROS\" class=\"read-more\">Read More<\/a><\/p>\n","protected":false},"author":1,"featured_media":0,"parent":0,"menu_order":0,"comment_status":"closed","ping_status":"closed","template":"","meta":[],"_links":{"self":[{"href":"http:\/\/climeteo.es\/clim4327\/index.php\/wp-json\/wp\/v2\/pages\/275"}],"collection":[{"href":"http:\/\/climeteo.es\/clim4327\/index.php\/wp-json\/wp\/v2\/pages"}],"about":[{"href":"http:\/\/climeteo.es\/clim4327\/index.php\/wp-json\/wp\/v2\/types\/page"}],"author":[{"embeddable":true,"href":"http:\/\/climeteo.es\/clim4327\/index.php\/wp-json\/wp\/v2\/users\/1"}],"replies":[{"embeddable":true,"href":"http:\/\/climeteo.es\/clim4327\/index.php\/wp-json\/wp\/v2\/comments?post=275"}],"version-history":[{"count":27,"href":"http:\/\/climeteo.es\/clim4327\/index.php\/wp-json\/wp\/v2\/pages\/275\/revisions"}],"predecessor-version":[{"id":549,"href":"http:\/\/climeteo.es\/clim4327\/index.php\/wp-json\/wp\/v2\/pages\/275\/revisions\/549"}],"wp:attachment":[{"href":"http:\/\/climeteo.es\/clim4327\/index.php\/wp-json\/wp\/v2\/media?parent=275"}],"curies":[{"name":"wp","href":"https:\/\/api.w.org\/{rel}","templated":true}]}}